{"id":38,"date":"2012-10-16T19:06:56","date_gmt":"2012-10-16T19:06:56","guid":{"rendered":"https:\/\/www.hospitaldelinares.gob.cl\/?page_id=38"},"modified":"2025-04-11T08:41:17","modified_gmt":"2025-04-11T12:41:17","slug":"directivos","status":"publish","type":"page","link":"https:\/\/www.hospitaldelinares.gob.cl\/?page_id=38","title":{"rendered":"Directivos"},"content":{"rendered":"<table frame=\"void\" rules=\"rows\">\n<tbody>\n<tr>\n<td class=\"nombreContacto1\"><img loading=\"lazy\" decoding=\"async\" class=\"aligncenter size-full wp-image-244\" title=\"SAMSUNG DIGIMAX A503\" src=\"\/wp-content\/uploads\/2025\/04\/Jaime-Bertolotto-H.jpg\" alt=\"\" width=\"200\" height=\"310\" \/><\/td>\n<td class=\"fonoContacto1\">\n<p style=\"text-align: center;\">Jaime Bertolotto Honorato<\/p>\n<p style=\"text-align: center;\">Director<\/p>\n<p style=\"text-align: center;\">\n<\/td>\n<\/tr>\n<tr>\n<td class=\"nombreContacto1\"><img loading=\"lazy\" decoding=\"async\" class=\"aligncenter size-full wp-image-244\" title=\"SAMSUNG DIGIMAX A503\" src=\"\/wp-content\/uploads\/2025\/04\/Rene-Espinosa-Cantero.jpg\" alt=\"\" width=\"200\" height=\"310\" \/><\/td>\n<td class=\"fonoContacto1\">\n<p style=\"text-align: center;\">Ren\u00e9 Espinosa Cantero<\/p>\n<p style=\"text-align: center;\">Subdirector de Gesti\u00f3n Cl\u00ednica<\/p>\n<p style=\"text-align: center;\">\n<\/td>\n<\/tr>\n<tr>\n<td class=\"nombreContacto1\"><img loading=\"lazy\" decoding=\"async\" class=\"alignnone wp-image-12879 \" title=\"OLYMPUS DIGITAL CAMERA\" src=\"\/wp-content\/uploads\/2025\/04\/Nolasco-Perez-Perez.jpg\" alt=\"\" width=\"200\" height=\"255\" \/><\/td>\n<td class=\"fonoContacto1\">\n<p style=\"text-align: center;\">Nolasco P\u00e9rez P\u00e9rez<\/p>\n<p style=\"text-align: center;\">Subdirector de Administraci\u00f3n y Finanzas<\/p>\n<p style=\"text-align: center;\">\n<\/td>\n<\/tr>\n<tr>\n<td class=\"nombreContacto1\"><img loading=\"lazy\" decoding=\"async\" class=\"alignnone wp-image-12880 \" title=\"Enfermera_Ma_Maureira1\" src=\"\/wp-content\/uploads\/2023\/11\/Ma-Soledad-Pereira-Mena.jpg\" alt=\"\" width=\"201\" height=\"257\" srcset=\"https:\/\/www.hospitaldelinares.gob.cl\/wp-content\/uploads\/2023\/11\/Ma-Soledad-Pereira-Mena.jpg 379w, https:\/\/www.hospitaldelinares.gob.cl\/wp-content\/uploads\/2023\/11\/Ma-Soledad-Pereira-Mena-251x320.jpg 251w\" sizes=\"auto, (max-width: 201px) 100vw, 201px\" \/><\/td>\n<td class=\"fonoContacto1\">\n<p style=\"text-align: center;\">Maria Soledad Pereira Mena<\/p>\n<p style=\"text-align: center;\">Subdirectora de Gesti\u00f3n del Cuidado<\/p>\n<p style=\"text-align: center;\">\n<\/td>\n<\/tr>\n<tr>\n<td class=\"nombreContacto1\"><img loading=\"lazy\" decoding=\"async\" class=\"alignnone wp-image-12881 \" src=\"\/wp-content\/uploads\/2023\/11\/Juan-Gutierrez-Gutierrez.jpg\" alt=\"\" width=\"199\" height=\"254\" srcset=\"https:\/\/www.hospitaldelinares.gob.cl\/wp-content\/uploads\/2023\/11\/Juan-Gutierrez-Gutierrez.jpg 379w, https:\/\/www.hospitaldelinares.gob.cl\/wp-content\/uploads\/2023\/11\/Juan-Gutierrez-Gutierrez-251x320.jpg 251w\" sizes=\"auto, (max-width: 199px) 100vw, 199px\" \/><\/td>\n<td class=\"fonoContacto1\">\n<p style=\"text-align: center;\">Juan Guti\u00e9rrez Guti\u00e9rrez<\/p>\n<p style=\"text-align: center;\">Subdirector de Operaciones Log\u00edsticas<\/p>\n<p style=\"text-align: center;\">\n<\/td>\n<\/tr>\n<tr>\n<td class=\"nombreContacto1\"><img loading=\"lazy\" decoding=\"async\" class=\"alignnone wp-image-12882 \" src=\"\/wp-content\/uploads\/2023\/11\/Pablo-Perez-Polanco.jpg\" alt=\"\" width=\"202\" height=\"258\" srcset=\"https:\/\/www.hospitaldelinares.gob.cl\/wp-content\/uploads\/2023\/11\/Pablo-Perez-Polanco.jpg 379w, https:\/\/www.hospitaldelinares.gob.cl\/wp-content\/uploads\/2023\/11\/Pablo-Perez-Polanco-251x320.jpg 251w\" sizes=\"auto, (max-width: 202px) 100vw, 202px\" \/><\/td>\n<td class=\"fonoContacto1\">\n<p style=\"text-align: center;\">Pablo P\u00e9rez Polanco<\/p>\n<p style=\"text-align: center;\">Subdirector de Gesti\u00f3n de las Personas<\/p>\n<\/td>\n<\/tr>\n<\/tbody>\n<\/table>\n<p>&nbsp;<\/p>\n","protected":false},"excerpt":{"rendered":"<p>Jaime Bertolotto Honorato Director Ren\u00e9 Espinosa Cantero Subdirector de Gesti\u00f3n Cl\u00ednica Nolasco P\u00e9rez P\u00e9rez Subdirector de Administraci\u00f3n y Finanzas Maria Soledad Pereira Mena Subdirectora de Gesti\u00f3n del Cuidado Juan Guti\u00e9rrez Guti\u00e9rrez Subdirector de Operaciones Log\u00edsticas [&hellip;]<\/p>\n","protected":false},"author":2,"featured_media":0,"parent":0,"menu_order":0,"comment_status":"open","ping_status":"open","template":"","meta":{"footnotes":""},"class_list":["post-38","page","type-page","status-publish","hentry"],"_links":{"self":[{"href":"https:\/\/www.hospitaldelinares.gob.cl\/index.php?rest_route=\/wp\/v2\/pages\/38","targetHints":{"allow":["GET"]}}],"collection":[{"href":"https:\/\/www.hospitaldelinares.gob.cl\/index.php?rest_route=\/wp\/v2\/pages"}],"about":[{"href":"https:\/\/www.hospitaldelinares.gob.cl\/index.php?rest_route=\/wp\/v2\/types\/page"}],"author":[{"embeddable":true,"href":"https:\/\/www.hospitaldelinares.gob.cl\/index.php?rest_route=\/wp\/v2\/users\/2"}],"replies":[{"embeddable":true,"href":"https:\/\/www.hospitaldelinares.gob.cl\/index.php?rest_route=%2Fwp%2Fv2%2Fcomments&post=38"}],"version-history":[{"count":84,"href":"https:\/\/www.hospitaldelinares.gob.cl\/index.php?rest_route=\/wp\/v2\/pages\/38\/revisions"}],"predecessor-version":[{"id":14257,"href":"https:\/\/www.hospitaldelinares.gob.cl\/index.php?rest_route=\/wp\/v2\/pages\/38\/revisions\/14257"}],"wp:attachment":[{"href":"https:\/\/www.hospitaldelinares.gob.cl\/index.php?rest_route=%2Fwp%2Fv2%2Fmedia&parent=38"}],"curies":[{"name":"wp","href":"https:\/\/api.w.org\/{rel}","templated":true}]}}