{"id":103,"date":"2012-10-16T20:23:53","date_gmt":"2012-10-16T20:23:53","guid":{"rendered":"https:\/\/www.hospitaldelinares.gob.cl\/?page_id=103"},"modified":"2017-05-04T10:17:17","modified_gmt":"2017-05-04T13:17:17","slug":"centro-de-responsabilidad-medico","status":"publish","type":"page","link":"https:\/\/www.hospitaldelinares.gob.cl\/?page_id=103","title":{"rendered":"Centro de Responsabilidad M\u00e9dico"},"content":{"rendered":"<p>Este Centro de Responsabilidad se encuentra ubicado en el tercer nivel del establecimiento y dispone de 85 camas distribuidas en 40 camas secci\u00f3n damas y 45 en secci\u00f3n varones.<\/p>\n<p>Esta unidad cuenta con personal de enfermer\u00eda tanto profesional como t\u00e9cnico las 24 horas del d\u00eda.<\/p>\n<h3>Objetivos:<\/h3>\n<p>El Centro de Responsabilidad Medico est\u00e1 destinado a atender al usuario mayor de 15 a\u00f1os que requiere atenci\u00f3n de alguna especialidad, provenientes de toda la provincia de Linares. Para ello cuenta con las especialidades de Neurolog\u00eda Medicina Interna, Cardiolog\u00eda Oftalmolog\u00eda, Psiquiatr\u00eda y Gastroenterolog\u00eda.<\/p>\n<h3>Misi\u00f3n:<\/h3>\n<p>Contribuir a mejorar la calidad de vida de los pacientes mayores de 15 a\u00f1os de la provincia de Linares, que constituyen nuestro centro de atenci\u00f3n, mediante acciones de salud espec\u00edficas, destinadas a la recuperaci\u00f3n de la salud, a trav\u00e9s de la participaci\u00f3n activa y el compromiso de los agentes sanitarios, usuarios del sistema, familia y comunidad.<\/p>\n<h3>Contacto:<\/h3>\n<p>Encargado: Dra.\u00a0Ren\u00e9 Espinosa Cantero<br \/>\nCorreo Electr\u00f3nico: smedicina@hospitaldelinares.cl<br \/>\nTel\u00e9fono: (73) 2 566 562<\/p>\n<p>&nbsp;<\/p>\n<h4 style=\"text-align: right;\" align=\"justify\"><a href=\"https:\/\/www.hospitaldelinares.gob.cl\/?page_id=46\">Volver Atras<\/a><\/h4>\n","protected":false},"excerpt":{"rendered":"<p>Este Centro de Responsabilidad se encuentra ubicado en el tercer nivel del establecimiento y dispone de 85 camas distribuidas en 40 camas secci\u00f3n damas y 45 en secci\u00f3n varones. Esta unidad cuenta con personal de [&hellip;]<\/p>\n","protected":false},"author":2,"featured_media":0,"parent":0,"menu_order":0,"comment_status":"open","ping_status":"open","template":"","meta":{"footnotes":""},"class_list":["post-103","page","type-page","status-publish","hentry"],"_links":{"self":[{"href":"https:\/\/www.hospitaldelinares.gob.cl\/index.php?rest_route=\/wp\/v2\/pages\/103","targetHints":{"allow":["GET"]}}],"collection":[{"href":"https:\/\/www.hospitaldelinares.gob.cl\/index.php?rest_route=\/wp\/v2\/pages"}],"about":[{"href":"https:\/\/www.hospitaldelinares.gob.cl\/index.php?rest_route=\/wp\/v2\/types\/page"}],"author":[{"embeddable":true,"href":"https:\/\/www.hospitaldelinares.gob.cl\/index.php?rest_route=\/wp\/v2\/users\/2"}],"replies":[{"embeddable":true,"href":"https:\/\/www.hospitaldelinares.gob.cl\/index.php?rest_route=%2Fwp%2Fv2%2Fcomments&post=103"}],"version-history":[{"count":7,"href":"https:\/\/www.hospitaldelinares.gob.cl\/index.php?rest_route=\/wp\/v2\/pages\/103\/revisions"}],"predecessor-version":[{"id":8281,"href":"https:\/\/www.hospitaldelinares.gob.cl\/index.php?rest_route=\/wp\/v2\/pages\/103\/revisions\/8281"}],"wp:attachment":[{"href":"https:\/\/www.hospitaldelinares.gob.cl\/index.php?rest_route=%2Fwp%2Fv2%2Fmedia&parent=103"}],"curies":[{"name":"wp","href":"https:\/\/api.w.org\/{rel}","templated":true}]}}